{"id":3,"date":"2026-03-11T12:47:47","date_gmt":"2026-03-11T11:47:47","guid":{"rendered":"https:\/\/forempleo.uc3m.es\/empresas\/?page_id=3"},"modified":"2026-04-16T11:59:07","modified_gmt":"2026-04-16T09:59:07","slug":"politica-de-privacidad","status":"publish","type":"page","link":"https:\/\/forempleo.uc3m.es\/empresas\/politica-de-privacidad\/","title":{"rendered":"Pol\u00edtica de privacidad"},"content":{"rendered":"<section class=\"l-section wpb_row height_small\"><div class=\"l-section-h i-cf\"><div class=\"g-cols vc_row via_flex valign_top type_default stacking_default\"><div class=\"vc_col-sm-12 wpb_column vc_column_container\"><div class=\"vc_column-inner\"><div class=\"wpb_wrapper\"><h2 class=\"w-post-elm post_title align_center entry-title color_link_inherit\">Pol\u00edtica de privacidad<\/h2><\/div><\/div><\/div><\/div><\/div><\/section><section class=\"l-section wpb_row height_medium\"><div class=\"l-section-h i-cf\"><div class=\"g-cols vc_row via_flex valign_top type_default stacking_default\"><div class=\"vc_col-sm-12 wpb_column vc_column_container\"><div class=\"vc_column-inner\"><div class=\"wpb_wrapper\"><div class=\"wpb_text_column\"><div class=\"wpb_wrapper\"><p><strong>\u00bfQui\u00e9n es el Responsable del tratamiento de sus datos?<\/strong><\/p>\n<ul>\n<li><strong>UNIVERSIDAD CARLOS III<\/strong><br \/>\n<strong>CIF: Q2818029G<\/strong><br \/>\n<strong>DOMICILIO: CALLE MADRID 126, 28903 GETAFE, MADRID<\/strong><\/li>\n<li>Email:<a href=\"mailto:gerente@uc3m.es?subject=Acerca%20de%20la%20pol%C3%ADtica%20de%20privacidad\">gerente@uc3m.es<\/a><\/li>\n<li>Tel\u00e9fono:<a href=\"tel:916249500\">916249500<\/a><\/li>\n<li>Datos del DPD:<br \/>\nDELEGADO DE PROTECCI\u00d3N DE DATOS<br \/>\n<a href=\"mailto:dpd@uc3m.es?subject=Acerca%20de%20la%20pol%C3%ADtica%20de%20privacidad\">dpd@uc3m.es<\/a><br \/>\n<a href=\"tel:+34916248899\">+\u00a034916245861<\/a><\/li>\n<\/ul>\n<p><strong>\u00bfCon qu\u00e9 finalidad tratamos sus datos personales?<\/strong><\/p>\n<p>En la UNIVERSIDAD CARLOS III tratamos la informaci\u00f3n que nos facilita con la finalidad de gestionar la relaci\u00f3n que nos une, gestionar el env\u00edo de la informaci\u00f3n que nos solicita, facilitar a los interesados ofertas de nuestros servicios y\/o productos de su inter\u00e9s y\/o gestionar su candidatura.<\/p>\n<p><strong>\u00bfPor cu\u00e1nto tiempo conservaremos sus datos personales?<\/strong><\/p>\n<p>Sus datos ser\u00e1n conservados el tiempo m\u00ednimo necesario para la correcta prestaci\u00f3n del servicio ofrecido, as\u00ed como para atender las responsabilidades que se pudieran derivar del mismo y de cualquier otra exigencia legal.<\/p>\n<p><strong>\u00bfCu\u00e1l es la legitimaci\u00f3n para el tratamiento de sus datos?<\/strong><\/p>\n<p>La base legal para el tratamiento de sus datos personales puede ser la ejecuci\u00f3n de una relaci\u00f3n contractual potencial y\/o suscrita, el inter\u00e9s leg\u00edtimo, la habilitaci\u00f3n legal y\/o el consentimiento del propio interesado. Los datos que le solicitamos son adecuados, pertinentes y estrictamente necesarios y en ning\u00fan caso est\u00e1 obligado a facilit\u00e1rnoslos, pero su no comunicaci\u00f3n podr\u00e1 afectar a la finalidad del servicio o la imposibilidad de prestarlo.<\/p>\n<p><strong>\u00bfA qu\u00e9 destinatarios se comunicar\u00e1n sus datos?<\/strong><\/p>\n<p>La UNIVERSIDAD CARLOS III podr\u00e1 ceder sus datos a empresas e instituciones colaboradoras. o a aquellas otras que procedan como consecuencia del cumplimiento de una obligaci\u00f3n legal.<\/p>\n<p><strong>\u00bfCu\u00e1les son sus derechos cuando nos facilita sus datos?<\/strong><\/p>\n<p>Los derechos de protecci\u00f3n de datos de los que son titulares los interesados son:<\/p>\n<ul>\n<li>Derecho a solicitar el acceso a los datos personales relativos al interesado<\/li>\n<li>Derecho de rectificaci\u00f3n o supresi\u00f3n<\/li>\n<li>Derecho de oposici\u00f3n<\/li>\n<li>Derecho a solicitar la limitaci\u00f3n de su tratamiento<\/li>\n<li>Derecho a la portabilidad de los datos<\/li>\n<\/ul>\n<p>Los titulares de los datos personales obtenidos, podr\u00e1n ejercer sus derechos de protecci\u00f3n de datos personales dirigiendo una comunicaci\u00f3n por escrito al domicilio de la UNIVERSIDAD CARLOS III o al correo electr\u00f3nico habilitado a tal\u00a0<a href=\"mailto:dpd@uc3m.es?subject=Sobre%20la%20pol%C3%ADtica%20de%20privacidad\">efecto, dpd@uc3m.es,<\/a>\u00a0incluyendo en ambos casos fotocopia de su DNI u otro documento de identificaci\u00f3n equivalente.<\/p>\n<p>Modelos, formularios y m\u00e1s informaci\u00f3n disponible sobre sus derechos pueden encontrarse en la p\u00e1gina web de la autoridad de control nacional, Agencia Espa\u00f1ola de Protecci\u00f3n de Datos, en adelante, AEPD,\u00a0<a href=\"http:\/\/www.agpd.es\/\">www.agpd.es<\/a>.<\/p>\n<p><strong>\u00bfPuedo retirar el consentimiento?<\/strong><\/p>\n<p>Usted tiene la posibilidad y el derecho a retirar el consentimiento para cualquiera finalidad espec\u00edfica otorgada en su momento, sin que ello afecte a la licitud del tratamiento basado en el consentimiento previo a su retirada.<\/p>\n<p><strong>\u00bfD\u00f3nde puedo reclamar en caso de que considere que no se tratan mis datos correctamente?<\/strong><\/p>\n<p>Si alg\u00fan interesado considera que sus datos no son tratados correctamente por la UNIVERSIDAD CARLOS III puede dirigir sus reclamaciones al correo\u00a0<a href=\"mailto:dpd@uc3m.es?subject=sobre%20la%20pol%C3%ADtica%20de%20privacidad\">dpd@uc3m.es<\/a>\u00a0o a la autoridad de protecci\u00f3n de datos que corresponda, siendo la AEPD la indicada en el territorio nacional,<a href=\"http:\/\/www.agpd.es\/\">\u00a0www.agpd.es<\/a><\/p>\n<p><strong>Seguridad y actualizaci\u00f3n de sus datos personales<\/strong><\/p>\n<p>Con el objetivo de salvaguardar la seguridad de sus datos personales, le informamos que la UNIVERSIDAD CARLOS III ha adoptado todas las medidas de \u00edndole t\u00e9cnica y organizativa necesarias para garantizar la seguridad de los datos personales suministrados. Todo ello para evitar su alteraci\u00f3n, p\u00e9rdida, y\/o tratamientos o accesos no autorizados, tal como exige la normativa, si bien la seguridad absoluta no puede existir.<\/p>\n<p>Es importante que, para que podamos mantener sus datos personales actualizados, nos informe siempre que se produzca una modificaci\u00f3n de los mismos.<\/p>\n<p><strong>Confidencialidad<\/strong><\/p>\n<p>La UNIVERSIDAD CARLOS III le informa que sus datos ser\u00e1n tratados con el m\u00e1ximo celo y confidencialidad por todo el personal que intervenga en cualquiera de las fases del tratamiento. No cederemos ni comunicaremos a ning\u00fan tercero sus datos, excepto en los casos legalmente previstos, o salvo que el interesado nos hubiera autorizado expresamente.<\/p>\n<p>&nbsp;<\/p>\n<\/div><\/div><\/div><\/div><\/div><\/div><\/div><\/section>\n","protected":false},"excerpt":{"rendered":"Pol\u00edtica de privacidad\u00bfQui\u00e9n es el Responsable del tratamiento de sus datos? UNIVERSIDAD CARLOS III CIF: Q2818029G DOMICILIO: CALLE MADRID 126, 28903 GETAFE, MADRID Email:gerente@uc3m.es Tel\u00e9fono:916249500 Datos del DPD: DELEGADO DE PROTECCI\u00d3N DE DATOS dpd@uc3m.es +\u00a034916245861 \u00bfCon qu\u00e9 finalidad tratamos sus datos personales? En la UNIVERSIDAD CARLOS III tratamos la informaci\u00f3n que nos facilita con la...","protected":false},"author":1,"featured_media":0,"parent":0,"menu_order":0,"comment_status":"closed","ping_status":"closed","template":"","meta":{"footnotes":""},"class_list":["post-3","page","type-page","status-publish","hentry"],"yoast_head":"<!-- This site is optimized with the Yoast SEO plugin v27.4 - https:\/\/yoast.com\/product\/yoast-seo-wordpress\/ -->\n<title>Pol\u00edtica de privacidad - Forempleo 2026 | 6 y 7 de octubre 2026<\/title>\n<meta name=\"robots\" content=\"index, follow, max-snippet:-1, max-image-preview:large, max-video-preview:-1\" \/>\n<link rel=\"canonical\" href=\"https:\/\/forempleo.uc3m.es\/empresas\/politica-de-privacidad\/\" \/>\n<meta property=\"og:locale\" content=\"es_ES\" \/>\n<meta property=\"og:type\" content=\"article\" \/>\n<meta property=\"og:title\" content=\"Pol\u00edtica de privacidad - Forempleo 2026 | 6 y 7 de octubre 2026\" \/>\n<meta property=\"og:url\" content=\"https:\/\/forempleo.uc3m.es\/empresas\/politica-de-privacidad\/\" \/>\n<meta property=\"og:site_name\" content=\"Forempleo 2026 | 6 y 7 de octubre 2026\" \/>\n<meta property=\"article:modified_time\" content=\"2026-04-16T09:59:07+00:00\" \/>\n<meta name=\"twitter:card\" content=\"summary_large_image\" \/>\n<meta name=\"twitter:label1\" content=\"Tiempo de lectura\" \/>\n\t<meta name=\"twitter:data1\" content=\"3 minutos\" \/>\n<script type=\"application\/ld+json\" class=\"yoast-schema-graph\">{\"@context\":\"https:\\\/\\\/schema.org\",\"@graph\":[{\"@type\":\"WebPage\",\"@id\":\"https:\\\/\\\/forempleo.uc3m.es\\\/empresas\\\/politica-de-privacidad\\\/\",\"url\":\"https:\\\/\\\/forempleo.uc3m.es\\\/empresas\\\/politica-de-privacidad\\\/\",\"name\":\"Pol\u00edtica de privacidad - Forempleo 2026 | 6 y 7 de octubre 2026\",\"isPartOf\":{\"@id\":\"https:\\\/\\\/forempleo.uc3m.es\\\/empresas\\\/#website\"},\"datePublished\":\"2026-03-11T11:47:47+00:00\",\"dateModified\":\"2026-04-16T09:59:07+00:00\",\"breadcrumb\":{\"@id\":\"https:\\\/\\\/forempleo.uc3m.es\\\/empresas\\\/politica-de-privacidad\\\/#breadcrumb\"},\"inLanguage\":\"es\",\"potentialAction\":[{\"@type\":\"ReadAction\",\"target\":[\"https:\\\/\\\/forempleo.uc3m.es\\\/empresas\\\/politica-de-privacidad\\\/\"]}]},{\"@type\":\"BreadcrumbList\",\"@id\":\"https:\\\/\\\/forempleo.uc3m.es\\\/empresas\\\/politica-de-privacidad\\\/#breadcrumb\",\"itemListElement\":[{\"@type\":\"ListItem\",\"position\":1,\"name\":\"Portada\",\"item\":\"https:\\\/\\\/forempleo.uc3m.es\\\/empresas\\\/\"},{\"@type\":\"ListItem\",\"position\":2,\"name\":\"Pol\u00edtica de privacidad\"}]},{\"@type\":\"WebSite\",\"@id\":\"https:\\\/\\\/forempleo.uc3m.es\\\/empresas\\\/#website\",\"url\":\"https:\\\/\\\/forempleo.uc3m.es\\\/empresas\\\/\",\"name\":\"Forempleo 2026 | 6 y 7 de octubre 2026\",\"description\":\"\",\"publisher\":{\"@id\":\"https:\\\/\\\/forempleo.uc3m.es\\\/empresas\\\/#organization\"},\"potentialAction\":[{\"@type\":\"SearchAction\",\"target\":{\"@type\":\"EntryPoint\",\"urlTemplate\":\"https:\\\/\\\/forempleo.uc3m.es\\\/empresas\\\/?s={search_term_string}\"},\"query-input\":{\"@type\":\"PropertyValueSpecification\",\"valueRequired\":true,\"valueName\":\"search_term_string\"}}],\"inLanguage\":\"es\"},{\"@type\":\"Organization\",\"@id\":\"https:\\\/\\\/forempleo.uc3m.es\\\/empresas\\\/#organization\",\"name\":\"Fundaci\u00f3n Universidad Carlos III de Madrid\",\"url\":\"https:\\\/\\\/forempleo.uc3m.es\\\/empresas\\\/\",\"logo\":{\"@type\":\"ImageObject\",\"inLanguage\":\"es\",\"@id\":\"https:\\\/\\\/forempleo.uc3m.es\\\/empresas\\\/#\\\/schema\\\/logo\\\/image\\\/\",\"url\":\"https:\\\/\\\/forempleo.uc3m.es\\\/empresas\\\/wp-content\\\/uploads\\\/2026\\\/03\\\/fuciii_logo_blanco.png\",\"contentUrl\":\"https:\\\/\\\/forempleo.uc3m.es\\\/empresas\\\/wp-content\\\/uploads\\\/2026\\\/03\\\/fuciii_logo_blanco.png\",\"width\":963,\"height\":238,\"caption\":\"Fundaci\u00f3n Universidad Carlos III de Madrid\"},\"image\":{\"@id\":\"https:\\\/\\\/forempleo.uc3m.es\\\/empresas\\\/#\\\/schema\\\/logo\\\/image\\\/\"}}]}<\/script>\n<!-- \/ Yoast SEO plugin. -->","yoast_head_json":{"title":"Pol\u00edtica de privacidad - Forempleo 2026 | 6 y 7 de octubre 2026","robots":{"index":"index","follow":"follow","max-snippet":"max-snippet:-1","max-image-preview":"max-image-preview:large","max-video-preview":"max-video-preview:-1"},"canonical":"https:\/\/forempleo.uc3m.es\/empresas\/politica-de-privacidad\/","og_locale":"es_ES","og_type":"article","og_title":"Pol\u00edtica de privacidad - Forempleo 2026 | 6 y 7 de octubre 2026","og_url":"https:\/\/forempleo.uc3m.es\/empresas\/politica-de-privacidad\/","og_site_name":"Forempleo 2026 | 6 y 7 de octubre 2026","article_modified_time":"2026-04-16T09:59:07+00:00","twitter_card":"summary_large_image","twitter_misc":{"Tiempo de lectura":"3 minutos"},"schema":{"@context":"https:\/\/schema.org","@graph":[{"@type":"WebPage","@id":"https:\/\/forempleo.uc3m.es\/empresas\/politica-de-privacidad\/","url":"https:\/\/forempleo.uc3m.es\/empresas\/politica-de-privacidad\/","name":"Pol\u00edtica de privacidad - Forempleo 2026 | 6 y 7 de octubre 2026","isPartOf":{"@id":"https:\/\/forempleo.uc3m.es\/empresas\/#website"},"datePublished":"2026-03-11T11:47:47+00:00","dateModified":"2026-04-16T09:59:07+00:00","breadcrumb":{"@id":"https:\/\/forempleo.uc3m.es\/empresas\/politica-de-privacidad\/#breadcrumb"},"inLanguage":"es","potentialAction":[{"@type":"ReadAction","target":["https:\/\/forempleo.uc3m.es\/empresas\/politica-de-privacidad\/"]}]},{"@type":"BreadcrumbList","@id":"https:\/\/forempleo.uc3m.es\/empresas\/politica-de-privacidad\/#breadcrumb","itemListElement":[{"@type":"ListItem","position":1,"name":"Portada","item":"https:\/\/forempleo.uc3m.es\/empresas\/"},{"@type":"ListItem","position":2,"name":"Pol\u00edtica de privacidad"}]},{"@type":"WebSite","@id":"https:\/\/forempleo.uc3m.es\/empresas\/#website","url":"https:\/\/forempleo.uc3m.es\/empresas\/","name":"Forempleo 2026 | 6 y 7 de octubre 2026","description":"","publisher":{"@id":"https:\/\/forempleo.uc3m.es\/empresas\/#organization"},"potentialAction":[{"@type":"SearchAction","target":{"@type":"EntryPoint","urlTemplate":"https:\/\/forempleo.uc3m.es\/empresas\/?s={search_term_string}"},"query-input":{"@type":"PropertyValueSpecification","valueRequired":true,"valueName":"search_term_string"}}],"inLanguage":"es"},{"@type":"Organization","@id":"https:\/\/forempleo.uc3m.es\/empresas\/#organization","name":"Fundaci\u00f3n Universidad Carlos III de Madrid","url":"https:\/\/forempleo.uc3m.es\/empresas\/","logo":{"@type":"ImageObject","inLanguage":"es","@id":"https:\/\/forempleo.uc3m.es\/empresas\/#\/schema\/logo\/image\/","url":"https:\/\/forempleo.uc3m.es\/empresas\/wp-content\/uploads\/2026\/03\/fuciii_logo_blanco.png","contentUrl":"https:\/\/forempleo.uc3m.es\/empresas\/wp-content\/uploads\/2026\/03\/fuciii_logo_blanco.png","width":963,"height":238,"caption":"Fundaci\u00f3n Universidad Carlos III de Madrid"},"image":{"@id":"https:\/\/forempleo.uc3m.es\/empresas\/#\/schema\/logo\/image\/"}}]}},"_links":{"self":[{"href":"https:\/\/forempleo.uc3m.es\/empresas\/wp-json\/wp\/v2\/pages\/3","targetHints":{"allow":["GET"]}}],"collection":[{"href":"https:\/\/forempleo.uc3m.es\/empresas\/wp-json\/wp\/v2\/pages"}],"about":[{"href":"https:\/\/forempleo.uc3m.es\/empresas\/wp-json\/wp\/v2\/types\/page"}],"author":[{"embeddable":true,"href":"https:\/\/forempleo.uc3m.es\/empresas\/wp-json\/wp\/v2\/users\/1"}],"replies":[{"embeddable":true,"href":"https:\/\/forempleo.uc3m.es\/empresas\/wp-json\/wp\/v2\/comments?post=3"}],"version-history":[{"count":2,"href":"https:\/\/forempleo.uc3m.es\/empresas\/wp-json\/wp\/v2\/pages\/3\/revisions"}],"predecessor-version":[{"id":439,"href":"https:\/\/forempleo.uc3m.es\/empresas\/wp-json\/wp\/v2\/pages\/3\/revisions\/439"}],"wp:attachment":[{"href":"https:\/\/forempleo.uc3m.es\/empresas\/wp-json\/wp\/v2\/media?parent=3"}],"curies":[{"name":"wp","href":"https:\/\/api.w.org\/{rel}","templated":true}]}}